{"version":"1.0","provider_name":"Le Pays fait son jardin","provider_url":"https:\/\/www.lerelaispourlemploi.fr\/jardin","author_name":"Sandra RENOULT","author_url":"https:\/\/www.lerelaispourlemploi.fr\/jardin\/actualites\/author\/benjaminbeucher\/","title":"S30 - Les intemp\u00e9ries au Jardin - Le Pays fait son jardin","type":"rich","width":600,"height":338,"html":"<blockquote class=\"wp-embedded-content\"><a href=\"https:\/\/www.lerelaispourlemploi.fr\/jardin\/actualites\/s30-les-intemperies-au-jardin\/\">S30 &#8211; Les intemp\u00e9ries au Jardin<\/a><\/blockquote>\n<script type='text\/javascript'>\n<!--\/\/--><![CDATA[\/\/><!--\n\t\t\/*! This file is auto-generated *\/\n\t\t!function(d,l){\"use strict\";var e=!1,n=!1;if(l.querySelector)if(d.addEventListener)e=!0;if(d.wp=d.wp||{},!d.wp.receiveEmbedMessage)if(d.wp.receiveEmbedMessage=function(e){var t=e.data;if(t)if(t.secret||t.message||t.value)if(!\/[^a-zA-Z0-9]\/.test(t.secret)){for(var r,i,a,s=l.querySelectorAll('iframe[data-secret=\"'+t.secret+'\"]'),n=l.querySelectorAll('blockquote[data-secret=\"'+t.secret+'\"]'),o=new RegExp(\"^https?:$\",\"i\"),c=0;c<n.length;c++)n[c].style.display=\"none\";for(c=0;c<s.length;c++)if(r=s[c],e.source===r.contentWindow){if(r.removeAttribute(\"style\"),\"height\"===t.message){if(1e3<(a=parseInt(t.value,10)))a=1e3;else if(~~a<200)a=200;r.height=a}if(\"link\"===t.message)if(i=l.createElement(\"a\"),a=l.createElement(\"a\"),i.href=r.getAttribute(\"src\"),a.href=t.value,o.test(a.protocol))if(a.host===i.host)if(l.activeElement===r)d.top.location.href=t.value}}},e)d.addEventListener(\"message\",d.wp.receiveEmbedMessage,!1),l.addEventListener(\"DOMContentLoaded\",t,!1),d.addEventListener(\"load\",t,!1);function t(){if(!n){n=!0;for(var e,t,r=-1!==navigator.appVersion.indexOf(\"MSIE 10\"),i=!!navigator.userAgent.match(\/Trident.*rv:11\\.\/),a=l.querySelectorAll(\"iframe.wp-embedded-content\"),s=0;s<a.length;s++){if(!(e=a[s]).getAttribute(\"data-secret\"))t=Math.random().toString(36).substr(2,10),e.src+=\"#?secret=\"+t,e.setAttribute(\"data-secret\",t);if(r||i)(t=e.cloneNode(!0)).removeAttribute(\"security\"),e.parentNode.replaceChild(t,e)}}}}(window,document);\n\/\/--><!]]>\n<\/script><iframe sandbox=\"allow-scripts\" security=\"restricted\" src=\"https:\/\/www.lerelaispourlemploi.fr\/jardin\/actualites\/s30-les-intemperies-au-jardin\/embed\/\" width=\"600\" height=\"338\" title=\"\u00ab\u00a0S30 &#8211; Les intemp\u00e9ries au Jardin\u00a0\u00bb &#8212; Le Pays fait son jardin\" frameborder=\"0\" marginwidth=\"0\" marginheight=\"0\" scrolling=\"no\" class=\"wp-embedded-content\"><\/iframe>","thumbnail_url":"https:\/\/www.lerelaispourlemploi.fr\/wp-content\/images\/vente-legumes.jpg","thumbnail_width":1587,"thumbnail_height":2245,"description":"Des l\u00e9gumes de qualit\u00e9 au sein du jardin\u00a0 malgr\u00e9 une situation climatique alarmante Comme l\u2019ensemble des mara\u00eechers en Bretagne, nous sommes inquiets pour la production de nos l\u00e9gumes. Nous avons cumul\u00e9 beaucoup de retard depuis [&hellip;]"}