{"id":216,"date":"2016-12-05T12:46:03","date_gmt":"2016-12-05T11:46:03","guid":{"rendered":"http:\/\/www.lerelaispourlemploi.fr\/jardin\/?page_id=216"},"modified":"2024-03-26T13:57:32","modified_gmt":"2024-03-26T12:57:32","slug":"notre-equipe","status":"publish","type":"page","link":"https:\/\/www.lerelaispourlemploi.fr\/jardin\/qui-sommes-nous\/notre-equipe\/","title":{"rendered":"Notre \u00c9quipe"},"content":{"rendered":"<h1>Insertion et mara\u00eechage biologique \u00e0 Janz\u00e9 (35)<\/h1>\n<p>       <div id=\"liste-membre\" class=\"row\">\n                       <div class=\"col-4 membre\">\n                <img width=\"224\" height=\"225\" src=\"https:\/\/www.lerelaispourlemploi.fr\/wp-content\/images\/Coralie-NB-001-1-e1542292243926.jpg\" class=\"attachment-photo size-photo wp-post-image\" alt=\"\" loading=\"lazy\" srcset=\"https:\/\/www.lerelaispourlemploi.fr\/wp-content\/images\/Coralie-NB-001-1-e1542292243926.jpg 225w, https:\/\/www.lerelaispourlemploi.fr\/wp-content\/images\/Coralie-NB-001-1-e1542292243926-199x200.jpg 199w\" sizes=\"(max-width: 224px) 100vw, 224px\" \/>                <div class=\"line jardin\"><\/div>\n                <h4>Coralie DAMAS<\/h4>\n                <span class=\"fonction\">Conseill\u00e8re en Insertion Professionnelle<\/span>\n                <a href=\"mailto:coralie.damas@lerelaispourlemploi.fr\">\ncoralie.damas<br\/>@lerelaispourlemploi.fr<\/a>             <\/div>\n                       <div class=\"col-4 membre\">\n                <img width=\"225\" height=\"225\" src=\"https:\/\/www.lerelaispourlemploi.fr\/wp-content\/images\/michael-brings.jpg\" class=\"attachment-photo size-photo wp-post-image\" alt=\"\" loading=\"lazy\" srcset=\"https:\/\/www.lerelaispourlemploi.fr\/wp-content\/images\/michael-brings.jpg 225w, https:\/\/www.lerelaispourlemploi.fr\/wp-content\/images\/michael-brings-200x200.jpg 200w\" sizes=\"(max-width: 225px) 100vw, 225px\" \/>                <div class=\"line jardin\"><\/div>\n                <h4>Micha\u00ebl BRINGS<\/h4>\n                <span class=\"fonction\">Encadrant technique, Chef de culture<\/span>\n                <a href=\"mailto:encadrant@lerelaispourlemploi.fr\">\nencadrant<br\/>@lerelaispourlemploi.fr<\/a>             <\/div>\n                       <div class=\"col-4 membre\">\n                <img width=\"225\" height=\"225\" src=\"https:\/\/www.lerelaispourlemploi.fr\/wp-content\/images\/paul-rupin.jpg\" class=\"attachment-photo size-photo wp-post-image\" alt=\"\" loading=\"lazy\" srcset=\"https:\/\/www.lerelaispourlemploi.fr\/wp-content\/images\/paul-rupin.jpg 225w, https:\/\/www.lerelaispourlemploi.fr\/wp-content\/images\/paul-rupin-200x200.jpg 200w\" sizes=\"(max-width: 225px) 100vw, 225px\" \/>                <div class=\"line jardin\"><\/div>\n                <h4>Paul RUPIN<\/h4>\n                <span class=\"fonction\">Encadrant technique, Responsable du parc agricole<\/span>\n                <a href=\"mailto:encadrant@lerelaispourlemploi.fr\">\nencadrant<br\/>@lerelaispourlemploi.fr<\/a>             <\/div>\n                       <div class=\"col-4 membre\">\n                <img width=\"225\" height=\"225\" src=\"https:\/\/www.lerelaispourlemploi.fr\/wp-content\/images\/sandra-2024-1-225x225.jpg\" class=\"attachment-photo size-photo wp-post-image\" alt=\"\" loading=\"lazy\" \/>                <div class=\"line jardin\"><\/div>\n                <h4>Sandra RENOULT<\/h4>\n                <span class=\"fonction\">Animateur du R\u00e9seau d'adh\u00e9rents, Conseill\u00e8re en Insertion Professionnelle<\/span>\n                <a href=\"mailto:sandra.renoult@lerelaispourlemploi.fr\">\nsandra.renoult<br\/>@lerelaispourlemploi.fr<\/a>             <\/div>\n                    <\/div>\n    <\/p>\n","protected":false},"excerpt":{"rendered":"Insertion et mara\u00eechage biologique \u00e0 Janz\u00e9 (35)","protected":false},"author":1,"featured_media":0,"parent":195,"menu_order":2,"comment_status":"closed","ping_status":"closed","template":"","meta":[],"_links":{"self":[{"href":"https:\/\/www.lerelaispourlemploi.fr\/jardin\/wp-json\/wp\/v2\/pages\/216"}],"collection":[{"href":"https:\/\/www.lerelaispourlemploi.fr\/jardin\/wp-json\/wp\/v2\/pages"}],"about":[{"href":"https:\/\/www.lerelaispourlemploi.fr\/jardin\/wp-json\/wp\/v2\/types\/page"}],"author":[{"embeddable":true,"href":"https:\/\/www.lerelaispourlemploi.fr\/jardin\/wp-json\/wp\/v2\/users\/1"}],"replies":[{"embeddable":true,"href":"https:\/\/www.lerelaispourlemploi.fr\/jardin\/wp-json\/wp\/v2\/comments?post=216"}],"version-history":[{"count":16,"href":"https:\/\/www.lerelaispourlemploi.fr\/jardin\/wp-json\/wp\/v2\/pages\/216\/revisions"}],"predecessor-version":[{"id":2229,"href":"https:\/\/www.lerelaispourlemploi.fr\/jardin\/wp-json\/wp\/v2\/pages\/216\/revisions\/2229"}],"up":[{"embeddable":true,"href":"https:\/\/www.lerelaispourlemploi.fr\/jardin\/wp-json\/wp\/v2\/pages\/195"}],"wp:attachment":[{"href":"https:\/\/www.lerelaispourlemploi.fr\/jardin\/wp-json\/wp\/v2\/media?parent=216"}],"curies":[{"name":"wp","href":"https:\/\/api.w.org\/{rel}","templated":true}]}}