{"id":246,"date":"2016-12-05T17:51:30","date_gmt":"2016-12-05T16:51:30","guid":{"rendered":"http:\/\/www.lerelaispourlemploi.fr\/jardin\/?page_id=246"},"modified":"2025-12-11T15:13:35","modified_gmt":"2025-12-11T14:13:35","slug":"nos-partenaires","status":"publish","type":"page","link":"https:\/\/www.lerelaispourlemploi.fr\/jardin\/qui-sommes-nous\/nos-partenaires\/","title":{"rendered":"Nos Partenaires"},"content":{"rendered":"<p>Pour remplir sa double mission d\u2019insertion socio-professionnelle des ouvriers-mara\u00eechers, mais aussi de production mara\u00eech\u00e8re commercialis\u00e9e en circuit court, \u00ab\u00a0Le Pays fait son Jardin\u00a0\u00bb s\u2019est constitu\u00e9 tout un r\u00e9seau de partenaires sur le territoire, qui contribuent chacun \u00e0 leur mani\u00e8re \u00e0 la r\u00e9ussite du projet.<\/p>\n<h3>L\u2019Europe Soutient notre chantier d\u2019insertion<\/h3>\n<h3><img loading=\"lazy\" class=\"alignright wp-image-2233 \" src=\"https:\/\/www.lerelaispourlemploi.fr\/wp-content\/images\/FSE-COFI-1.png\" alt=\"\" width=\"270\" height=\"144\" \/><\/h3>\n<p>Via le\u00a0<strong>Programme du Fonds social europ\u00e9en +<\/strong>\u00a0(FSE+), l\u2019Europe a dot\u00e9 la France de cr\u00e9dits en vue de soutenir, notamment, l\u2019emploi et la formation professionnelle sur son territoire. Le Chantier d\u2019insertion peut ainsi b\u00e9n\u00e9ficier de fonds via \u00ab\u00a0\u00a0<strong>FSE+ \u2013 Priorit\u00e9 1 :\u00a0<\/strong>Favoriser l\u2019insertion professionnelle et l\u2019inclusion sociale des personnes les plus \u00e9loign\u00e9es du march\u00e9 du travail et des plus vuln\u00e9rables\/ou des exclus\u00a0\u00bb.<\/p>\n<p>Le projet financ\u00e9 s\u2019intitule\u00a0: Le Pays fait son jardin : encadrement technique et accompagnement socioprofessionnel.<\/p>\n<p>L\u2019op\u00e9ration cofinanc\u00e9e se d\u00e9roule du 1<sup>er<\/sup> janvier 2024 au 31 d\u00e9cembre 2025.<\/p>\n<p>Le co\u00fbt total de l\u2019op\u00e9ration est de 331965.72\u20ac.<\/p>\n<p>Le soutien du FSE+ est de 125848\u20ac.<\/p>\n<p>Le FSE+ soutient particuli\u00e8rement l\u2019encadrement technique et l\u2019accompagnement socioprofessionnel au sein du chantier d\u2019insertion. Ces professionnels\nvont ainsi pouvoir accueillir, encadrer, accompagner 18 \u00e0 20 salari\u00e9s en parcours d\u2018insertion sociale et professionnelle<em>.<\/em><\/p>\n<p><strong>Les finalit\u00e9s du projet sont les suivantes :<\/strong><\/p>\n<p>&#8211; lever des freins \u00e0 l&#8217;emploi pour des personnes souffrant d&rsquo;une grande exclusion sociale et professionnelle,<\/p>\n<p>&#8211; faciliter la construction d&rsquo;un nouveau projet professionnel,<\/p>\n<p>&#8211; d\u00e9velopper des crit\u00e8res d&#8217;employabilit\u00e9 transf\u00e9rables sur le march\u00e9 classique de l&#8217;emploi,<\/p>\n<p>&#8211; cr\u00e9er une dynamique de groupe renforc\u00e9e par un esprit d&rsquo;\u00e9quipe et une ouverture vers l&rsquo;ext\u00e9rieur afin d&rsquo;\u00e9viter de constituer un groupe isol\u00e9 au sein du chantier d&rsquo;insertion.<\/p>\n<p><strong>Les r\u00e9sultats attendus de l&rsquo;accompagnement :<\/strong><\/p>\n<ul>\n<li>&#8211; entre 30 et 35 participants accueillis chaque ann\u00e9e<\/li>\n<li>&#8211; des heures d&rsquo;accompagnement pour environ 1550h par an<\/li>\n<li>&#8211; mises en place d\u2019actions durant le parcours d\u2019insertion professionnelle\u00a0: \u00a0PMSMP\u00a0, Enqu\u00eates professionnelles , ateliers d\u00e9couvertes des m\u00e9tiers,\u2026<\/li>\n<li>&#8211; Sorties dynamiques vers l&#8217;emploi 77%<\/li>\n<\/ul>\n<p>&nbsp;<\/p>\n<h3>En mati\u00e8re d&rsquo;insertion<\/h3>\n<p>Durant leur contrat de travail, les Jardiniers\/-\u00e8res b\u00e9n\u00e9ficient d\u2019un accompagnement socio-professionnel d\u00e9livr\u00e9 par l\u2019\u00e9quipe de professionnels du Jardin \u2013 conseill\u00e8res en insertion professionnelle et encadrants techniques \u2013 second\u00e9s au besoin par les travailleurs sociaux du territoire. Il s\u2019agit en effet de lever les diff\u00e9rents freins p\u00e9riph\u00e9riques \u00e0 l\u2019emploi tels que le logement, la mobilit\u00e9, la sant\u00e9, la garde d\u2019enfants, la gestion du budget, etc.<\/p>\n<p>Les acteurs \u00e9conomiques du territoire, qu\u2019ils soient Entreprises, Collectivit\u00e9s, Associations, Agriculteurs, contribuent \u00e9galement \u00e0 enrichir le parcours professionnels de nos Jardiniers\/-\u00e8res, en favorisant \u2013 au cours de p\u00e9riodes de stage ou d\u2019emploi \u2013 la red\u00e9finition de projet professionnel, la mont\u00e9e en comp\u00e9tences ou l\u2019acc\u00e8s \u00e0 l\u2019emploi durable.<\/p>\n<h3>En mati\u00e8re de production mara\u00eech\u00e8re<\/h3>\n<p>Depuis sa cr\u00e9ation, \u00ab\u00a0Le Pays fait son Jardin\u00a0\u00bb a pu s\u2019appuyer sur la solidarit\u00e9 entre acteurs du monde paysan\u00a0sur le territoire : pr\u00eat de terres cultivables, \u00e9change \/ pr\u00eat \/ don de mat\u00e9riels, mise \u00e0 disposition de lieux de stockage pour les l\u00e9gumes d\u2019hiver, \u00e9change de l\u00e9gumes en surplus, achat de fumier, coup de main sur l\u2019animation de portes ouvertes\u2026<\/p>\n<p>En termes d\u2019\u00e9change d\u2019id\u00e9es, de savoir-faire et de comp\u00e9tences, \u00ab\u00a0Le Pays fait son Jardin\u00a0\u00bb peut compter tout \u00e0 la fois sur le R\u00e9seau Cocagne et sur l\u2019accompagnement propos\u00e9 par <a class=\"jardin\" href=\"http:\/\/www.agrobio-bretagne.org\/agrobio-35\/\">Agrobio35<\/a>, le groupement des agriculteurs biologiques d\u2019Ille et Vilaine.\nL\u2019adh\u00e9sion aupr\u00e8s d\u2019Agrobio35 nous permet de b\u00e9n\u00e9ficier de toute l\u2019information sur la bio : technique, r\u00e9glementation, distribution de produits bio, etc.<\/p>\n<p>Enfin, revendiquant son ancrage local, \u00ab\u00a0Le Pays fait son Jardin\u00a0\u00bb participe r\u00e9guli\u00e8rement aux march\u00e9s de producteurs organis\u00e9s sur le Pays de la Roche aux F\u00e9es.<\/p>\n<p>\r\n<div class=\"wpls-filter-wrp \">\r\n\t\t<ul class=\"wpls-filter\" id=\"wpls-filter-1\">\r\n\t\t\t\t\t<li class=\"wpls-filtr-cat wpls-active-filtr\" data-filter=\"*\"><span>Tous<\/span><\/li>\r\n\t\t\t\t\t<li class=\"wpls-filtr-cat \" data-filter=\".wpls-cat-4\"><span>Soutiens institutionnels<\/span><\/li>\r\n\t\t\t\t\t<li class=\"wpls-filtr-cat \" data-filter=\".wpls-cat-5\"><span>Partenaires dans l'action<\/span><\/li>\r\n\t\t\t\t\t<li class=\"wpls-filtr-cat \" data-filter=\".wpls-cat-6\"><span>R\u00e9seaux<\/span><\/li>\r\n\t\t\t<\/ul>\r\n\t<div class=\"wpls-filtr-container\" id=\"wpls-logo-filtr-1\">\r\n\t\t<div class=\"wpls-logo-showcase wpls-logo-filter wpls-design-1 has-no-animation wpls-clearfix\"><div  class=\"wpls-logo-cnt wpls-col-3 wpls-columns  wpls-cat-4\">\r\n\t<div class=\"wpls-fix-box\">\r\n\t\t\t<a href=\"http:\/\/travail-emploi.gouv.fr\/\" target=\"_self\">\r\n\t\t\t<img class=\"wpls-logo-img\"  src=\"https:\/\/www.lerelaispourlemploi.fr\/wp-content\/images\/logo-ministeretravail.png\" alt=\"Minist\u00e8re du travail\" \/>\r\n\t\t<\/a>\r\n\t\t<\/div>\r\n\r\n\t\t\t<div class=\"wpls-logo-title\">Minist\u00e8re du travail<\/div>\r\n\t<\/div><div  class=\"wpls-logo-cnt wpls-col-3 wpls-columns  wpls-cat-4\">\r\n\t<div class=\"wpls-fix-box\">\r\n\t\t\t<a href=\"http:\/\/europe.bzh\/\" target=\"_self\">\r\n\t\t\t<img class=\"wpls-logo-img\"  src=\"https:\/\/www.lerelaispourlemploi.fr\/wp-content\/images\/FSE-COFI-1.png\" alt=\"L&rsquo;Europe s&rsquo;engage en Bretagne\" \/>\r\n\t\t<\/a>\r\n\t\t<\/div>\r\n\r\n\t\t\t<div class=\"wpls-logo-title\">L&rsquo;Europe s&rsquo;engage en Bretagne<\/div>\r\n\t<\/div><div  class=\"wpls-logo-cnt wpls-col-3 wpls-columns  wpls-cat-4\">\r\n\t<div class=\"wpls-fix-box\">\r\n\t\t\t<a href=\"http:\/\/www.bretagne.bzh\/\" target=\"_self\">\r\n\t\t\t<img class=\"wpls-logo-img\"  src=\"https:\/\/www.lerelaispourlemploi.fr\/wp-content\/images\/logo-regionbretagne.png\" alt=\"R\u00e9gion Bretagne\" \/>\r\n\t\t<\/a>\r\n\t\t<\/div>\r\n\r\n\t\t\t<div class=\"wpls-logo-title\">R\u00e9gion Bretagne<\/div>\r\n\t<\/div><div  class=\"wpls-logo-cnt wpls-col-3 wpls-columns  wpls-cat-5 wpls-cat-4\">\r\n\t<div class=\"wpls-fix-box\">\r\n\t\t\t<a href=\"http:\/\/www.ille-et-vilaine.fr\/\" target=\"_self\">\r\n\t\t\t<img class=\"wpls-logo-img\"  src=\"https:\/\/www.lerelaispourlemploi.fr\/wp-content\/images\/logo-illeetvilainedepartement.png\" alt=\"Ille-et-Vilaine D\u00e9partement\" \/>\r\n\t\t<\/a>\r\n\t\t<\/div>\r\n\r\n\t\t\t<div class=\"wpls-logo-title\">Ille-et-Vilaine D\u00e9partement<\/div>\r\n\t<\/div><div  class=\"wpls-logo-cnt wpls-col-3 wpls-columns  wpls-cat-4\">\r\n\t<div class=\"wpls-fix-box\">\r\n\t\t\t<a href=\"http:\/\/www.paysdevitre.org\/\" target=\"_self\">\r\n\t\t\t<img class=\"wpls-logo-img\"  src=\"https:\/\/www.lerelaispourlemploi.fr\/wp-content\/images\/logo-paysdevitre.png\" alt=\"Pays de Vitr\u00e9 &#8211; Porte de Bretagne\" \/>\r\n\t\t<\/a>\r\n\t\t<\/div>\r\n\r\n\t\t\t<div class=\"wpls-logo-title\">Pays de Vitr\u00e9 &#8211; Porte de Bretagne<\/div>\r\n\t<\/div><div  class=\"wpls-logo-cnt wpls-col-3 wpls-columns  wpls-cat-5 wpls-cat-4\">\r\n\t<div class=\"wpls-fix-box\">\r\n\t\t\t<a href=\"http:\/\/www.vitrecommunaute.org\/\" target=\"_self\">\r\n\t\t\t<img class=\"wpls-logo-img\"  src=\"https:\/\/www.lerelaispourlemploi.fr\/wp-content\/images\/logo-vitrecommunaute.png\" alt=\"Vitr\u00e9 Communaut\u00e9\" \/>\r\n\t\t<\/a>\r\n\t\t<\/div>\r\n\r\n\t\t\t<div class=\"wpls-logo-title\">Vitr\u00e9 Communaut\u00e9<\/div>\r\n\t<\/div><div  class=\"wpls-logo-cnt wpls-col-3 wpls-columns  wpls-cat-5 wpls-cat-4\">\r\n\t<div class=\"wpls-fix-box\">\r\n\t\t\t<a href=\"http:\/\/www.cc-rocheauxfees.fr\/\" target=\"_self\">\r\n\t\t\t<img class=\"wpls-logo-img\"  src=\"https:\/\/www.lerelaispourlemploi.fr\/wp-content\/images\/logo-Roche-Aux-Fees-140x100-3.jpg\" alt=\"Roche aux F\u00e9es Communaut\u00e9\" \/>\r\n\t\t<\/a>\r\n\t\t<\/div>\r\n\r\n\t\t\t<div class=\"wpls-logo-title\">Roche aux F\u00e9es Communaut\u00e9<\/div>\r\n\t<\/div><div  class=\"wpls-logo-cnt wpls-col-3 wpls-columns  wpls-cat-4\">\r\n\t<div class=\"wpls-fix-box\">\r\n\t\t\t<a href=\"http:\/\/letheildebretagne.fr\/\" target=\"_self\">\r\n\t\t\t<img class=\"wpls-logo-img\"  src=\"https:\/\/www.lerelaispourlemploi.fr\/wp-content\/images\/logo-mairie-theil.png\" alt=\"Mairie du Theil de Bretagne\" \/>\r\n\t\t<\/a>\r\n\t\t<\/div>\r\n\r\n\t\t\t<div class=\"wpls-logo-title\">Mairie du Theil de Bretagne<\/div>\r\n\t<\/div><div  class=\"wpls-logo-cnt wpls-col-3 wpls-columns  wpls-cat-6\">\r\n\t<div class=\"wpls-fix-box\">\r\n\t\t\t<a href=\"http:\/\/www.reseaucocagne.asso.fr\/\" target=\"_self\">\r\n\t\t\t<img class=\"wpls-logo-img\"  src=\"https:\/\/www.lerelaispourlemploi.fr\/wp-content\/images\/logo-reseau-cocagne.png\" alt=\"R\u00e9seau Cocagne\" \/>\r\n\t\t<\/a>\r\n\t\t<\/div>\r\n\r\n\t\t\t<div class=\"wpls-logo-title\">R\u00e9seau Cocagne<\/div>\r\n\t<\/div><div  class=\"wpls-logo-cnt wpls-col-3 wpls-columns  wpls-cat-5\">\r\n\t<div class=\"wpls-fix-box\">\r\n\t\t\t<a href=\"http:\/\/www.pole-emploi.fr\/\" target=\"_self\">\r\n\t\t\t<img class=\"wpls-logo-img\"  src=\"https:\/\/www.lerelaispourlemploi.fr\/wp-content\/images\/logo-poleemploi.png\" alt=\"Pole Emploi\" \/>\r\n\t\t<\/a>\r\n\t\t<\/div>\r\n\r\n\t\t\t<div class=\"wpls-logo-title\">Pole Emploi<\/div>\r\n\t<\/div><div  class=\"wpls-logo-cnt wpls-col-3 wpls-columns  wpls-cat-5\">\r\n\t<div class=\"wpls-fix-box\">\r\n\t\t\t<a href=\"http:\/\/www.meef-paysdevitre.fr\/\" target=\"_self\">\r\n\t\t\t<img class=\"wpls-logo-img\"  src=\"https:\/\/www.lerelaispourlemploi.fr\/wp-content\/images\/logo-meef-paysdevitre.png\" alt=\"Maison de l&rsquo;Emploi &#8211; Pays de Vitr\u00e9\" \/>\r\n\t\t<\/a>\r\n\t\t<\/div>\r\n\r\n\t\t\t<div class=\"wpls-logo-title\">Maison de l&rsquo;Emploi &#8211; Pays de Vitr\u00e9<\/div>\r\n\t<\/div><div  class=\"wpls-logo-cnt wpls-col-3 wpls-columns  wpls-cat-5\">\r\n\t<div class=\"wpls-fix-box\">\r\n\t\t\t<a href=\"http:\/\/missionlocale-paysdevitre.fr\/\" target=\"_self\">\r\n\t\t\t<img class=\"wpls-logo-img\"  src=\"https:\/\/www.lerelaispourlemploi.fr\/wp-content\/images\/logo-mission-locale-vitr\u00e9-1-e1543504956429.jpg\" alt=\"Mission Locale \u2013 Pays de Vitr\u00e9\" \/>\r\n\t\t<\/a>\r\n\t\t<\/div>\r\n\r\n\t\t\t<div class=\"wpls-logo-title\">Mission Locale \u2013 Pays de Vitr\u00e9<\/div>\r\n\t<\/div><div  class=\"wpls-logo-cnt wpls-col-3 wpls-columns  wpls-cat-5\">\r\n\t<div class=\"wpls-fix-box\">\r\n\t\t\t<a href=\"http:\/\/www.msa.fr\" target=\"_self\">\r\n\t\t\t<img class=\"wpls-logo-img\"  src=\"https:\/\/www.lerelaispourlemploi.fr\/wp-content\/images\/logo-msa.png\" alt=\"MSA\" \/>\r\n\t\t<\/a>\r\n\t\t<\/div>\r\n\r\n\t\t\t<div class=\"wpls-logo-title\">MSA<\/div>\r\n\t<\/div><div  class=\"wpls-logo-cnt wpls-col-3 wpls-columns  wpls-cat-5\">\r\n\t<div class=\"wpls-fix-box\">\r\n\t\t\t<a href=\"http:\/\/www.secours-catholique.org\/\" target=\"_self\">\r\n\t\t\t<img class=\"wpls-logo-img\"  src=\"https:\/\/www.lerelaispourlemploi.fr\/wp-content\/images\/logo-secourscatholique.png\" alt=\"Secours Catholique\" \/>\r\n\t\t<\/a>\r\n\t\t<\/div>\r\n\r\n\t\t\t<div class=\"wpls-logo-title\">Secours Catholique<\/div>\r\n\t<\/div><div  class=\"wpls-logo-cnt wpls-col-3 wpls-columns  wpls-cat-6\">\r\n\t<div class=\"wpls-fix-box\">\r\n\t\t\t<a href=\"http:\/\/www.differentetcompetent.org\/\" target=\"_self\">\r\n\t\t\t<img class=\"wpls-logo-img\"  src=\"https:\/\/www.lerelaispourlemploi.fr\/wp-content\/images\/logo-differentetcompetent.png\" alt=\"Diff\u00e9rent et Comp\u00e9tent\" \/>\r\n\t\t<\/a>\r\n\t\t<\/div>\r\n\r\n\t\t\t<div class=\"wpls-logo-title\">Diff\u00e9rent et Comp\u00e9tent<\/div>\r\n\t<\/div><div  class=\"wpls-logo-cnt wpls-col-3 wpls-columns  wpls-cat-6\">\r\n\t<div class=\"wpls-fix-box\">\r\n\t\t\t<a href=\"http:\/\/www.agrobio-bretagne.org\/\" target=\"_self\">\r\n\t\t\t<img class=\"wpls-logo-img\"  src=\"https:\/\/www.lerelaispourlemploi.fr\/wp-content\/images\/logo-agrobio35.png\" alt=\"Agrobio 35\" \/>\r\n\t\t<\/a>\r\n\t\t<\/div>\r\n\r\n\t\t\t<div class=\"wpls-logo-title\">Agrobio 35<\/div>\r\n\t<\/div><div  class=\"wpls-logo-cnt wpls-col-3 wpls-columns  wpls-cat-5\">\r\n\t<div class=\"wpls-fix-box\">\r\n\t\t\t<a href=\"https:\/\/www.uniformation.fr\/\" target=\"_self\">\r\n\t\t\t<img class=\"wpls-logo-img\"  src=\"https:\/\/www.lerelaispourlemploi.fr\/wp-content\/images\/logo-uniformation-1.jpg\" alt=\"Uniformation\" \/>\r\n\t\t<\/a>\r\n\t\t<\/div>\r\n\r\n\t\t\t<div class=\"wpls-logo-title\">Uniformation<\/div>\r\n\t<\/div><div  class=\"wpls-logo-cnt wpls-col-3 wpls-columns  wpls-cat-5\">\r\n\t<div class=\"wpls-fix-box\">\r\n\t\t\t<img class=\"wpls-logo-img\"  src=\"https:\/\/www.lerelaispourlemploi.fr\/wp-content\/images\/logo-fape.png\" alt=\"Fondation Agir Pour L&rsquo;Emploi\" \/>\r\n\t\t<\/div>\r\n\r\n\t\t\t<div class=\"wpls-logo-title\">Fondation Agir Pour L&rsquo;Emploi<\/div>\r\n\t<\/div><div  class=\"wpls-logo-cnt wpls-col-3 wpls-columns  wpls-cat-5\">\r\n\t<div class=\"wpls-fix-box\">\r\n\t\t\t<img class=\"wpls-logo-img\"  src=\"https:\/\/www.lerelaispourlemploi.fr\/wp-content\/images\/logo-VINCI.jpg\" alt=\"Fondation d&rsquo;entreprise Vinci\" \/>\r\n\t\t<\/div>\r\n\r\n\t\t\t<div class=\"wpls-logo-title\">Fondation d&rsquo;entreprise Vinci<\/div>\r\n\t<\/div>\r\n\t\t<\/div>\r\n\t<\/div>\r\n\t<div class=\"wpls-loader-wrap wpls-hide\">\r\n\t\t<div class=\"wpls-loader\"><\/div>\r\n\t<\/div>\r\n<\/div><\/p>\n","protected":false},"excerpt":{"rendered":"Pour remplir sa double mission d\u2019insertion socio-professionnelle des ouvriers-mara\u00eechers, mais aussi de production mara\u00eech\u00e8re commercialis\u00e9e en circuit court, \u00ab\u00a0Le Pays fait son Jardin\u00a0\u00bb s\u2019est constitu\u00e9 tout un r\u00e9seau de partenaires sur le territoire, qui contribuent [&hellip;]","protected":false},"author":1,"featured_media":0,"parent":195,"menu_order":4,"comment_status":"closed","ping_status":"closed","template":"","meta":[],"_links":{"self":[{"href":"https:\/\/www.lerelaispourlemploi.fr\/jardin\/wp-json\/wp\/v2\/pages\/246"}],"collection":[{"href":"https:\/\/www.lerelaispourlemploi.fr\/jardin\/wp-json\/wp\/v2\/pages"}],"about":[{"href":"https:\/\/www.lerelaispourlemploi.fr\/jardin\/wp-json\/wp\/v2\/types\/page"}],"author":[{"embeddable":true,"href":"https:\/\/www.lerelaispourlemploi.fr\/jardin\/wp-json\/wp\/v2\/users\/1"}],"replies":[{"embeddable":true,"href":"https:\/\/www.lerelaispourlemploi.fr\/jardin\/wp-json\/wp\/v2\/comments?post=246"}],"version-history":[{"count":18,"href":"https:\/\/www.lerelaispourlemploi.fr\/jardin\/wp-json\/wp\/v2\/pages\/246\/revisions"}],"predecessor-version":[{"id":3028,"href":"https:\/\/www.lerelaispourlemploi.fr\/jardin\/wp-json\/wp\/v2\/pages\/246\/revisions\/3028"}],"up":[{"embeddable":true,"href":"https:\/\/www.lerelaispourlemploi.fr\/jardin\/wp-json\/wp\/v2\/pages\/195"}],"wp:attachment":[{"href":"https:\/\/www.lerelaispourlemploi.fr\/jardin\/wp-json\/wp\/v2\/media?parent=246"}],"curies":[{"name":"wp","href":"https:\/\/api.w.org\/{rel}","templated":true}]}}