{"id":255,"date":"2016-12-05T18:01:54","date_gmt":"2016-12-05T17:01:54","guid":{"rendered":"http:\/\/www.lerelaispourlemploi.fr\/jardin\/?page_id=255"},"modified":"2018-03-01T16:38:31","modified_gmt":"2018-03-01T15:38:31","slug":"composition","status":"publish","type":"page","link":"https:\/\/www.lerelaispourlemploi.fr\/jardin\/nos-paniers-bio\/composition\/","title":{"rendered":"Composition"},"content":{"rendered":"<h1>Panier de l\u00e9gumes bio au Pays de la Roche aux F\u00e9es<\/h1>\n<p>\u00ab\u00a0Le Pays fait son Jardin\u00a0\u00bb propose chaque semaine \u00e0 ses adh\u00e9rents des paniers de <strong>l\u00e9gumes frais et de saison<\/strong>, cultiv\u00e9s au Theil de Bretagne dans le respect du cahier des charges de l\u2019Agriculture Biologique.<\/p>\n<h3>Composition des paniers<\/h3>\n<p>Notre plan de culture est \u00e9tabli pour composer des <strong>paniers vari\u00e9s<\/strong>, dont le contenu \u00e9volue selon les saisons et les r\u00e9coltes. Les vari\u00e9t\u00e9s s\u00e9lectionn\u00e9es le sont essentiellement pour leur qualit\u00e9 gustative.<\/p>\n<p>Chaque semaine, nous composons votre panier constitu\u00e9 de <strong>4 \u00e0 6 vari\u00e9t\u00e9s de l\u00e9gumes<\/strong>, en quantit\u00e9 suffisante pour une famille de 3 \u00e0 4 personnes (selon les habitudes de consommation de chacun).<br \/> \nNous prenons soin d\u2019assortir l\u00e9gumes de consommation courante (qui reviennent plus fr\u00e9quemment et en plus grande quantit\u00e9) et l\u00e9gumes anciens ou \u00ab\u00a0hors du commun\u00a0\u00bb (qui sont fournis moins fr\u00e9quemment et en petite quantit\u00e9) et qui sont pour vous l\u2019occasion de d\u00e9couvertes gustatives, voire m\u00eame de v\u00e9ritables coups de c\u0153ur\u00a0!<\/p>\n<p><img loading=\"lazy\" src=\"http:\/\/www.lerelaispourlemploi.fr\/wp-content\/images\/paniers-legumes-bio.jpg\" alt=\"paniers-legumes-bio\" width=\"1140\" height=\"250\" class=\"alignnone size-full wp-image-338\" srcset=\"https:\/\/www.lerelaispourlemploi.fr\/wp-content\/images\/paniers-legumes-bio.jpg 1140w, https:\/\/www.lerelaispourlemploi.fr\/wp-content\/images\/paniers-legumes-bio-360x79.jpg 360w, https:\/\/www.lerelaispourlemploi.fr\/wp-content\/images\/paniers-legumes-bio-550x121.jpg 550w, https:\/\/www.lerelaispourlemploi.fr\/wp-content\/images\/paniers-legumes-bio-768x168.jpg 768w, https:\/\/www.lerelaispourlemploi.fr\/wp-content\/images\/paniers-legumes-bio-750x164.jpg 750w, https:\/\/www.lerelaispourlemploi.fr\/wp-content\/images\/paniers-legumes-bio-300x66.jpg 300w\" sizes=\"(max-width: 1140px) 100vw, 1140px\" \/><\/p>\n<p>Chaque semaine, nous vous informons de la composition du panier par l\u2019envoi d\u2019un e-mail, dans lequel nous \u00e9non\u00e7ons \u00e9galement les l\u00e9gumes disponibles en compl\u00e9ment. C\u2019est ainsi l\u2019occasion pour vous de <strong>compl\u00e9ter votre panier<\/strong>, en quantit\u00e9 ou en diversit\u00e9.<br \/>\nVous craignez au contraire que le panier soit trop fourni pour vous\u00a0? Comme certains de nos adh\u00e9rents, vous pouvez faire le choix de vous organiser en <strong>bin\u00f4me<\/strong>\u00a0: libre \u00e0 vous ensuite de partager votre panier chaque semaine, ou de vous organiser pour r\u00e9cup\u00e9rer le panier une semaine sur deux\u00a0!<\/p>\n<p>Pour les retraits au Jardin, une <strong>table d\u2019\u00e9change<\/strong> vous permet en outre de remplacer l\u2019un des l\u00e9gumes du panier.<br \/>\nEnfin, la \u00ab\u00a0<strong>feuille de choux<\/strong>\u00a0\u00bb gliss\u00e9e dans votre panier permet de partager des recettes de cuisine et des informations concernant la vie du Jardin ou de l\u2019association.<\/p>\n<p><a class=\"button\" href=\"..\/..\/feuilles-de-choux\">Acc\u00e9der \u00e0 la rubrique \u00ab Feuilles de Choux \u00bb<\/a><\/p>\n<p><strong>Exemples de paniers de saison\u00a0:<\/strong><\/p>\n<p><div class=\"notebox\">\n<div class=\"row\">\n<div class=\"col-3 center\"><\/p>\n<h4>Printemps<\/h4>\n<p>600g de Blettes<br \/>\n1 Laitue<br \/>\n500g d&rsquo;Oignons<br \/>\n1 kg de Poireaux<br \/>\n1 kg de Pommes de terre<br \/>\n1 botte \u00bd de Radis\n<\/div>\n<div class=\"col-3 center\"><\/p>\n<h4>\u00c9t\u00e9<\/h4>\n<p>2 x 750g de Tomates classiques et anciennes<br \/>\n1 Concombre<br \/>\n1 Salade<br \/>\n500g de Poivrons<br \/>\n500g d&rsquo;Aubergines\n<\/div>\n<div class=\"col-3 center\"><\/p>\n<h4>Automne<\/h4>\n<p>600g d&rsquo;Aubergines<br \/>\n1 Courge potimarron<br \/>\n400g de Fenouil<br \/>\n500g d&rsquo;Oignons blancs<br \/>\n400g de Poivrons<br \/>\n800g de Pommes de terre\n<\/div>\n<div class=\"col-3 center\"><\/p>\n<h4>Hiver<\/h4>\n<p>500g de Carottes<br \/>\n500g de P.D.T grenaille<br \/>\n200g de M\u00e2che<br \/>\n500g de Radis noir<br \/>\n1 Courge futsu black<br \/>\n700g de Rutabagas\n<\/div>\n<\/div>\n<\/div>\n<p><a class=\"button jardin_bg\" href=\"https:\/\/www.lerelaispourlemploi.fr\/jardin\/telechargements\/liste-de-nos-legumes\/\" rel=\"nofollow\">\n\t\tT\u00e9l\u00e9charger &ldquo;la liste de nos l\u00e9gumes&rdquo;\t<\/a><\/p><\/p>\n","protected":false},"excerpt":{"rendered":"Panier de l\u00e9gumes bio au Pays de la Roche aux F\u00e9es \u00ab\u00a0Le Pays fait son Jardin\u00a0\u00bb propose chaque semaine \u00e0 ses adh\u00e9rents des paniers de l\u00e9gumes frais et de saison, cultiv\u00e9s au Theil de Bretagne [&hellip;]","protected":false},"author":1,"featured_media":0,"parent":6,"menu_order":1,"comment_status":"closed","ping_status":"closed","template":"","meta":[],"_links":{"self":[{"href":"https:\/\/www.lerelaispourlemploi.fr\/jardin\/wp-json\/wp\/v2\/pages\/255"}],"collection":[{"href":"https:\/\/www.lerelaispourlemploi.fr\/jardin\/wp-json\/wp\/v2\/pages"}],"about":[{"href":"https:\/\/www.lerelaispourlemploi.fr\/jardin\/wp-json\/wp\/v2\/types\/page"}],"author":[{"embeddable":true,"href":"https:\/\/www.lerelaispourlemploi.fr\/jardin\/wp-json\/wp\/v2\/users\/1"}],"replies":[{"embeddable":true,"href":"https:\/\/www.lerelaispourlemploi.fr\/jardin\/wp-json\/wp\/v2\/comments?post=255"}],"version-history":[{"count":35,"href":"https:\/\/www.lerelaispourlemploi.fr\/jardin\/wp-json\/wp\/v2\/pages\/255\/revisions"}],"predecessor-version":[{"id":995,"href":"https:\/\/www.lerelaispourlemploi.fr\/jardin\/wp-json\/wp\/v2\/pages\/255\/revisions\/995"}],"up":[{"embeddable":true,"href":"https:\/\/www.lerelaispourlemploi.fr\/jardin\/wp-json\/wp\/v2\/pages\/6"}],"wp:attachment":[{"href":"https:\/\/www.lerelaispourlemploi.fr\/jardin\/wp-json\/wp\/v2\/media?parent=255"}],"curies":[{"name":"wp","href":"https:\/\/api.w.org\/{rel}","templated":true}]}}