{"id":295,"date":"2016-12-06T10:49:43","date_gmt":"2016-12-06T09:49:43","guid":{"rendered":"http:\/\/www.lerelaispourlemploi.fr\/jardin\/?page_id=295"},"modified":"2017-01-17T14:47:09","modified_gmt":"2017-01-17T13:47:09","slug":"poste-douvrier-maraicher","status":"publish","type":"page","link":"https:\/\/www.lerelaispourlemploi.fr\/jardin\/mission-sociale\/poste-douvrier-maraicher\/","title":{"rendered":"Le Poste d&rsquo;Ouvrier Mara\u00eecher"},"content":{"rendered":"<h1>Chantier d&rsquo;insertion en mara\u00eechage biologique au Theil-de-Bretagne (35)<\/h1>\n<p>Notre chantier d\u2019insertion est conventionn\u00e9 pour accueillir 18 postes d\u2019ouvriers-mara\u00eechers, soit 13,37 E.T.P. Les salari\u00e9s sont majoritairement recrut\u00e9s sur le territoire du Pays de Vitr\u00e9, avec la collaboration des travailleurs sociaux et partenaires de l\u2019Emploi. Les salari\u00e9s recrut\u00e9s se voient proposer un Contrat \u00e0 Dur\u00e9e D\u00e9termin\u00e9e d\u2019Insertion, d\u2019une dur\u00e9e de 6 \u00e0 24 mois maximum, pour une dur\u00e9e hebdomadaire de 26 heures.<\/p>\n<p><img loading=\"lazy\" src=\"http:\/\/www.lerelaispourlemploi.fr\/wp-content\/images\/jardiniers.jpg\" alt=\"jardiniers\" width=\"850\" height=\"340\" class=\"alignnone size-full wp-image-302\" srcset=\"https:\/\/www.lerelaispourlemploi.fr\/wp-content\/images\/jardiniers.jpg 850w, https:\/\/www.lerelaispourlemploi.fr\/wp-content\/images\/jardiniers-360x144.jpg 360w, https:\/\/www.lerelaispourlemploi.fr\/wp-content\/images\/jardiniers-550x220.jpg 550w, https:\/\/www.lerelaispourlemploi.fr\/wp-content\/images\/jardiniers-768x307.jpg 768w, https:\/\/www.lerelaispourlemploi.fr\/wp-content\/images\/jardiniers-750x300.jpg 750w\" sizes=\"(max-width: 850px) 100vw, 850px\" \/><\/p>\n<p>Les Jardiniers\/-\u00e8res sont amen\u00e9(e)s \u00e0 <strong>d\u00e9velopper leur polyvalence<\/strong> et \u00e0 effectuer les missions suivantes :<\/p>\n<ul>\n<li>Pr\u00e9paration de semis de l\u00e9gumes<\/li>\n<li>D\u00e9sherbage manuel et m\u00e9canique<\/li>\n<li>Entretien des locaux et mat\u00e9riels<\/li>\n<li>Am\u00e9nagement divers (techniques et paysagers)<\/li>\n<li>Entretien des cultures (tuteurage, taille, buttage, traitement, r\u00e9coltes\u2026)<\/li>\n<li>Conduite de tracteur et de son mat\u00e9riel attel\u00e9 (<em>en fonction du projet professionnel et de la motivation du salari\u00e9<\/em>)<\/li>\n<li>Pr\u00e9paration des paniers, vente de l\u00e9gumes, livraison sur les points de d\u00e9p\u00f4t et relation avec la client\u00e8le.<\/li>\n<\/ul>\n<p><p><a class=\"button jardin_bg\" href=\"https:\/\/www.lerelaispourlemploi.fr\/jardin\/telechargements\/fiche-de-poste-ouvrier-maraicher\/\" rel=\"nofollow\">\n\t\tT\u00e9l\u00e9charger &ldquo;Fiche de poste - Ouvrier Mara\u00eecher&rdquo;\t<\/a><\/p><\/p>\n","protected":false},"excerpt":{"rendered":"Chantier d&rsquo;insertion en mara\u00eechage biologique au Theil-de-Bretagne (35) Notre chantier d\u2019insertion est conventionn\u00e9 pour accueillir 18 postes d\u2019ouvriers-mara\u00eechers, soit 13,37 E.T.P. Les salari\u00e9s sont majoritairement recrut\u00e9s sur le territoire du Pays de Vitr\u00e9, avec la [&hellip;]","protected":false},"author":1,"featured_media":0,"parent":9,"menu_order":1,"comment_status":"closed","ping_status":"closed","template":"","meta":[],"_links":{"self":[{"href":"https:\/\/www.lerelaispourlemploi.fr\/jardin\/wp-json\/wp\/v2\/pages\/295"}],"collection":[{"href":"https:\/\/www.lerelaispourlemploi.fr\/jardin\/wp-json\/wp\/v2\/pages"}],"about":[{"href":"https:\/\/www.lerelaispourlemploi.fr\/jardin\/wp-json\/wp\/v2\/types\/page"}],"author":[{"embeddable":true,"href":"https:\/\/www.lerelaispourlemploi.fr\/jardin\/wp-json\/wp\/v2\/users\/1"}],"replies":[{"embeddable":true,"href":"https:\/\/www.lerelaispourlemploi.fr\/jardin\/wp-json\/wp\/v2\/comments?post=295"}],"version-history":[{"count":7,"href":"https:\/\/www.lerelaispourlemploi.fr\/jardin\/wp-json\/wp\/v2\/pages\/295\/revisions"}],"predecessor-version":[{"id":471,"href":"https:\/\/www.lerelaispourlemploi.fr\/jardin\/wp-json\/wp\/v2\/pages\/295\/revisions\/471"}],"up":[{"embeddable":true,"href":"https:\/\/www.lerelaispourlemploi.fr\/jardin\/wp-json\/wp\/v2\/pages\/9"}],"wp:attachment":[{"href":"https:\/\/www.lerelaispourlemploi.fr\/jardin\/wp-json\/wp\/v2\/media?parent=295"}],"curies":[{"name":"wp","href":"https:\/\/api.w.org\/{rel}","templated":true}]}}