{"id":152,"date":"2016-11-30T17:57:50","date_gmt":"2016-11-30T16:57:50","guid":{"rendered":"http:\/\/www.lerelaispourlemploi.fr\/relais\/?page_id=152"},"modified":"2017-04-11T17:00:21","modified_gmt":"2017-04-11T15:00:21","slug":"nos-atouts","status":"publish","type":"page","link":"https:\/\/www.lerelaispourlemploi.fr\/relais\/qui-sommes-nous\/nos-atouts\/","title":{"rendered":"Nos Atouts"},"content":{"rendered":"<h1>Acteur local de l&rsquo;Insertion par l&rsquo;Activit\u00e9 \u00e9conomique \u00e0 Retiers<\/h1>\n<ul>\n<li><strong>Exp\u00e9rience<\/strong>\u00a0: Depuis <strong>30 ans au service de l\u2019emploi local<\/strong>, nous avons d\u00e9velopp\u00e9 un savoir-faire, gage de qualit\u00e9 en mati\u00e8re d\u2019accompagnement au service du demandeur d\u2019emploi, et de r\u00e9ponse aux besoins de nos clients.<\/li>\n<li><strong>Simplicit\u00e9<\/strong>\u00a0: Nous sommes l\u2019Employeur du personnel mis \u00e0 votre disposition. Nous nous occupons de toutes les d\u00e9clarations et obligations patronales et sommes votre unique interlocuteur.<\/li>\n<li><strong>Travail en r\u00e9seau<\/strong> : Membre de la F\u00e9d\u00e9ration COORACE, nous participons activement au d\u00e9veloppement de l\u2019emploi dans le cadre de l\u2019Economie Sociale et Solidaire.<\/li>\n<\/ul>\n<p><div class=\"row\">\n<div class=\"col-6 \">\n<a class=\"relais\" href=\"http:\/\/www.coorace.org\" target=\"_blank\"><img loading=\"lazy\" src=\"http:\/\/www.lerelaispourlemploi.fr\/wp-content\/images\/coorace-logo.png\" alt=\"coorace-logo\" width=\"250\" height=\"150\" class=\"alignnone size-full wp-image-215\" \/><\/a>\n<\/div>\n<div class=\"col-6 \">\n<a class=\"relais\" href=\"http:\/\/www.portesdebretagnesolidaires.bzh\" target=\"_blank\"><img loading=\"lazy\" src=\"http:\/\/www.lerelaispourlemploi.fr\/wp-content\/images\/logo-portesdebretagnesolidaires.png\" alt=\"logo-portesdebretagnesolidaires\" width=\"250\" height=\"150\" class=\"alignnone size-full wp-image-214\" \/><\/a>\n<\/div>\n<\/div><\/p>\n","protected":false},"excerpt":{"rendered":"Acteur local de l&rsquo;Insertion par l&rsquo;Activit\u00e9 \u00e9conomique \u00e0 Retiers Exp\u00e9rience\u00a0: Depuis 30 ans au service de l\u2019emploi local, nous avons d\u00e9velopp\u00e9 un savoir-faire, gage de qualit\u00e9 en mati\u00e8re d\u2019accompagnement au service du demandeur d\u2019emploi, et [&hellip;]","protected":false},"author":1,"featured_media":0,"parent":155,"menu_order":3,"comment_status":"closed","ping_status":"closed","template":"","meta":[],"_links":{"self":[{"href":"https:\/\/www.lerelaispourlemploi.fr\/relais\/wp-json\/wp\/v2\/pages\/152"}],"collection":[{"href":"https:\/\/www.lerelaispourlemploi.fr\/relais\/wp-json\/wp\/v2\/pages"}],"about":[{"href":"https:\/\/www.lerelaispourlemploi.fr\/relais\/wp-json\/wp\/v2\/types\/page"}],"author":[{"embeddable":true,"href":"https:\/\/www.lerelaispourlemploi.fr\/relais\/wp-json\/wp\/v2\/users\/1"}],"replies":[{"embeddable":true,"href":"https:\/\/www.lerelaispourlemploi.fr\/relais\/wp-json\/wp\/v2\/comments?post=152"}],"version-history":[{"count":13,"href":"https:\/\/www.lerelaispourlemploi.fr\/relais\/wp-json\/wp\/v2\/pages\/152\/revisions"}],"predecessor-version":[{"id":1049,"href":"https:\/\/www.lerelaispourlemploi.fr\/relais\/wp-json\/wp\/v2\/pages\/152\/revisions\/1049"}],"up":[{"embeddable":true,"href":"https:\/\/www.lerelaispourlemploi.fr\/relais\/wp-json\/wp\/v2\/pages\/155"}],"wp:attachment":[{"href":"https:\/\/www.lerelaispourlemploi.fr\/relais\/wp-json\/wp\/v2\/media?parent=152"}],"curies":[{"name":"wp","href":"https:\/\/api.w.org\/{rel}","templated":true}]}}