{"id":194,"date":"2016-12-01T15:48:15","date_gmt":"2016-12-01T14:48:15","guid":{"rendered":"http:\/\/www.lerelaispourlemploi.fr\/relais\/?page_id=194"},"modified":"2016-12-28T19:52:01","modified_gmt":"2016-12-28T18:52:01","slug":"deroulement","status":"publish","type":"page","link":"https:\/\/www.lerelaispourlemploi.fr\/relais\/services\/deroulement\/","title":{"rendered":"D\u00e9roulement d&rsquo;une mise \u00e0 disposition"},"content":{"rendered":"<h1> Mise \u00e0 disposition de personnel sur Vitr\u00e9, Retiers, Janz\u00e9 et ses alentours<\/h1>\n<ul>\n<li>Prise de la commande : <strong>Sur simple appel t\u00e9l\u00e9phonique<\/strong> de votre part, nous \u00e9changeons sur le profil du poste \u00e0 pourvoir et ses \u00e9ventuelles sp\u00e9cificit\u00e9s.<\/li>\n<li>Analyse de votre besoin : A partir de l\u2019\u00e9change t\u00e9l\u00e9phonique, la Charg\u00e9e d\u2019accueil proc\u00e8de \u00e0 une <strong>analyse d\u00e9taill\u00e9e de vos besoins<\/strong> : lieu de r\u00e9alisation de la mission, nature du poste et des t\u00e2ches \u00e0 r\u00e9aliser, dur\u00e9e, dates et horaires, comp\u00e9tences sp\u00e9cifiques. A partir de ces donn\u00e9es pr\u00e9cises, la Conseill\u00e8re en Insertion Professionnelle (C.I.P.) d\u00e9finit le profil adapt\u00e9 et s\u00e9lectionne dans notre vivier de salari\u00e9(e)s la personne r\u00e9pondant aux exigences du poste.<\/li>\n<li><strong>Recrutement<\/strong> du salari\u00e9 : La C.I.P.  contacte le salari\u00e9, \u00e9tablit le contrat de travail et de mise \u00e0 disposition ainsi que le relev\u00e9 d\u2019heures. Le contrat de travail est ensuite remis au salari\u00e9, le contrat de mise \u00e0 disposition et le relev\u00e9 d\u2019heures sont transmis au client.<\/li>\n<li>Mise en relation : Au besoin, la C.I.P. pourra accompagner le salari\u00e9 sur site pour une <strong>rencontre d\u2019int\u00e9gration<\/strong>. Cette visite de l\u2019\u00e9tablissement permet au salari\u00e9 de rencontrer l\u2019\u00e9quipe avec laquelle il va collaborer, de se faire pr\u00e9ciser les t\u00e2ches \u00e0 r\u00e9aliser, le planning et les horaires, de prendre possession du mat\u00e9riel.<\/li>\n<li><strong>Suivi de mission<\/strong> : Pendant toute la dur\u00e9e de la mise \u00e0 disposition, l\u2019association peut \u00eatre sollicit\u00e9e pour tout dysfonctionnement dans le d\u00e9roulement de la mission.<\/li>\n<li><strong>Facturation<\/strong> : le dernier jour du mois au plus tard, le relev\u00e9 d\u2019heures, rempli et sign\u00e9 par le salari\u00e9 et le client, est envoy\u00e9 au Relais, qui proc\u00e8de ensuite au paiement du salari\u00e9 et \u00e0 la facturation.<\/li>\n<li><strong>Evaluation<\/strong> de la mise \u00e0 disposition : La mise \u00e0 disposition du salari\u00e9 fait l\u2019objet d\u2019une \u00e9valuation. Cette \u00e9valuation porte sur les aptitudes professionnelles et la capacit\u00e9 d\u2019int\u00e9gration du salari\u00e9. Nos objectifs : viser une mont\u00e9e en comp\u00e9tences du salari\u00e9 et r\u00e9pondre aux mieux \u00e0 vos attentes.<\/li>\n","protected":false},"excerpt":{"rendered":"Mise \u00e0 disposition de personnel sur Vitr\u00e9, Retiers, Janz\u00e9 et ses alentours Prise de la commande : Sur simple appel t\u00e9l\u00e9phonique de votre part, nous \u00e9changeons sur le profil du poste \u00e0 pourvoir et ses [&hellip;]","protected":false},"author":1,"featured_media":0,"parent":229,"menu_order":3,"comment_status":"closed","ping_status":"closed","template":"","meta":[],"_links":{"self":[{"href":"https:\/\/www.lerelaispourlemploi.fr\/relais\/wp-json\/wp\/v2\/pages\/194"}],"collection":[{"href":"https:\/\/www.lerelaispourlemploi.fr\/relais\/wp-json\/wp\/v2\/pages"}],"about":[{"href":"https:\/\/www.lerelaispourlemploi.fr\/relais\/wp-json\/wp\/v2\/types\/page"}],"author":[{"embeddable":true,"href":"https:\/\/www.lerelaispourlemploi.fr\/relais\/wp-json\/wp\/v2\/users\/1"}],"replies":[{"embeddable":true,"href":"https:\/\/www.lerelaispourlemploi.fr\/relais\/wp-json\/wp\/v2\/comments?post=194"}],"version-history":[{"count":3,"href":"https:\/\/www.lerelaispourlemploi.fr\/relais\/wp-json\/wp\/v2\/pages\/194\/revisions"}],"predecessor-version":[{"id":386,"href":"https:\/\/www.lerelaispourlemploi.fr\/relais\/wp-json\/wp\/v2\/pages\/194\/revisions\/386"}],"up":[{"embeddable":true,"href":"https:\/\/www.lerelaispourlemploi.fr\/relais\/wp-json\/wp\/v2\/pages\/229"}],"wp:attachment":[{"href":"https:\/\/www.lerelaispourlemploi.fr\/relais\/wp-json\/wp\/v2\/media?parent=194"}],"curies":[{"name":"wp","href":"https:\/\/api.w.org\/{rel}","templated":true}]}}