{"id":199,"date":"2016-12-01T15:51:32","date_gmt":"2016-12-01T14:51:32","guid":{"rendered":"http:\/\/www.lerelaispourlemploi.fr\/relais\/?page_id=199"},"modified":"2017-02-02T14:45:25","modified_gmt":"2017-02-02T13:45:25","slug":"services-aux-particuliers","status":"publish","type":"page","link":"https:\/\/www.lerelaispourlemploi.fr\/relais\/services\/services-aux-particuliers\/","title":{"rendered":"Services aux particuliers"},"content":{"rendered":"<h1>Services \u00e0 la personne pour les particuliers au Pays de Vitr\u00e9 et au Pays de La Roche aux F\u00e9es (35)<\/h1>\n<h3>Besoin d\u2019un coup de pouce \u00e0 la maison\u00a0?<\/h3>\n<p>\u00ab\u00a0Le Relais\u00a0\u00bb offre aux particuliers une r\u00e9ponse rapide, efficace et adapt\u00e9e \u00e0 vos besoins.\n<div class=\"row\">\n<div class=\"col-3\"><div class=\"box\"><span class=\"image\"><img src=\"https:\/\/www.lerelaispourlemploi.fr\/wp-content\/images\/icone-maison.png\" \/><\/span><h3>Maison<\/h3><p>L\u2019entretien de votre domicile : M\u00e9nage, Repassage, Vitres, Rangement&#8230;<\/p><\/div><\/div>\n<div class=\"col-3\"><div class=\"box\"><span class=\"image\"><img src=\"https:\/\/www.lerelaispourlemploi.fr\/wp-content\/images\/icone-jardin.png\" \/><\/span><h3>Jardin<\/h3><p>Tonte de pelouse, Taille de haies, D\u00e9sherbage, B\u00eachage, Plantations, Nettoyage de terrasse<\/p><\/div><\/div>\n<div class=\"col-3\"><div class=\"box\"><span class=\"image\"><img src=\"https:\/\/www.lerelaispourlemploi.fr\/wp-content\/images\/icone-bricolage.png\" \/><\/span><h3>Petit Bricolage<\/h3><p>Petits travaux de peinture, Montage de meubles, R\u00e9parations diverses&#8230;<\/p><\/div><\/div>\n<div class=\"col-3\"><div class=\"box\"><span class=\"image\"><img src=\"https:\/\/www.lerelaispourlemploi.fr\/wp-content\/images\/icone-divers.png\" \/><\/span><h3>Mais aussi<\/h3><p>Garde d\u2019enfants (<em>+ de 3 ans<\/em>), D\u00e9m\u00e9nagement, Aide aux courses, Livraison de repas&#8230;<\/p><\/div><\/div>\n<\/div><\/p>\n<p><img loading=\"lazy\" src=\"http:\/\/www.lerelaispourlemploi.fr\/wp-content\/images\/avantages-particuliers.png\" alt=\"avantages-particuliers\" width=\"120\" height=\"280\" class=\"alignright size-full wp-image-399\" srcset=\"https:\/\/www.lerelaispourlemploi.fr\/wp-content\/images\/avantages-particuliers.png 120w, https:\/\/www.lerelaispourlemploi.fr\/wp-content\/images\/avantages-particuliers-86x200.png 86w\" sizes=\"(max-width: 120px) 100vw, 120px\" \/><\/p>\n<p><em><strong>Dans la cadre de la mise \u00e0 disposition, le personnel \u00e0 votre service utilisera votre propre mat\u00e9riel.<\/strong><\/em><\/p>\n<p>\u00ab\u00a0Le Relais\u00a0\u00bb est l\u2019employeur du personnel mis \u00e0 votre disposition et prend en charge toutes les d\u00e9marches administratives.<\/p>\n<p>Si vous faites appel \u00e0 un intervenant dans le cadre des \u00ab\u00a0emplois familiaux\u00a0\u00bb, il vous est possible de b\u00e9n\u00e9ficier de la r\u00e9duction fiscale ou du cr\u00e9dit d&rsquo;imp\u00f4ts (selon\nl\u2019article 199 sexdecies du Code G\u00e9n\u00e9ral des Imp\u00f4ts). Renseignez-vous !<\/p>\n<p><a class=\"button\" href=\"..\/..\/contact\/\">Contactez-nous pour obtenir un devis<\/a><\/p>\n<p><a class=\"relais\" href=\"http:\/\/www.lerelaispourlemploi.fr\/relais\/services\/deroulement\/\"><em>Et pour en savoir plus sur le d\u00e9roulement d\u2019une mise \u00e0 disposition de personnel, c&rsquo;est ici !<\/em><\/a><\/p>\n<p><img loading=\"lazy\" class=\"alignnone size-full wp-image-273\" src=\"http:\/\/www.lerelaispourlemploi.fr\/wp-content\/images\/images-servicesalapersonne.png\" alt=\"images-servicesalapersonne\" width=\"1140\" height=\"350\" srcset=\"https:\/\/www.lerelaispourlemploi.fr\/wp-content\/images\/images-servicesalapersonne.png 1140w, https:\/\/www.lerelaispourlemploi.fr\/wp-content\/images\/images-servicesalapersonne-360x111.png 360w, https:\/\/www.lerelaispourlemploi.fr\/wp-content\/images\/images-servicesalapersonne-550x169.png 550w, https:\/\/www.lerelaispourlemploi.fr\/wp-content\/images\/images-servicesalapersonne-768x236.png 768w, https:\/\/www.lerelaispourlemploi.fr\/wp-content\/images\/images-servicesalapersonne-750x230.png 750w\" sizes=\"(max-width: 1140px) 100vw, 1140px\" \/><\/p>\n","protected":false},"excerpt":{"rendered":"Services \u00e0 la personne pour les particuliers au Pays de Vitr\u00e9 et au Pays de La Roche aux F\u00e9es (35) Besoin d\u2019un coup de pouce \u00e0 la maison\u00a0? \u00ab\u00a0Le Relais\u00a0\u00bb offre aux particuliers une r\u00e9ponse [&hellip;]","protected":false},"author":1,"featured_media":0,"parent":229,"menu_order":4,"comment_status":"closed","ping_status":"closed","template":"","meta":[],"_links":{"self":[{"href":"https:\/\/www.lerelaispourlemploi.fr\/relais\/wp-json\/wp\/v2\/pages\/199"}],"collection":[{"href":"https:\/\/www.lerelaispourlemploi.fr\/relais\/wp-json\/wp\/v2\/pages"}],"about":[{"href":"https:\/\/www.lerelaispourlemploi.fr\/relais\/wp-json\/wp\/v2\/types\/page"}],"author":[{"embeddable":true,"href":"https:\/\/www.lerelaispourlemploi.fr\/relais\/wp-json\/wp\/v2\/users\/1"}],"replies":[{"embeddable":true,"href":"https:\/\/www.lerelaispourlemploi.fr\/relais\/wp-json\/wp\/v2\/comments?post=199"}],"version-history":[{"count":31,"href":"https:\/\/www.lerelaispourlemploi.fr\/relais\/wp-json\/wp\/v2\/pages\/199\/revisions"}],"predecessor-version":[{"id":504,"href":"https:\/\/www.lerelaispourlemploi.fr\/relais\/wp-json\/wp\/v2\/pages\/199\/revisions\/504"}],"up":[{"embeddable":true,"href":"https:\/\/www.lerelaispourlemploi.fr\/relais\/wp-json\/wp\/v2\/pages\/229"}],"wp:attachment":[{"href":"https:\/\/www.lerelaispourlemploi.fr\/relais\/wp-json\/wp\/v2\/media?parent=199"}],"curies":[{"name":"wp","href":"https:\/\/api.w.org\/{rel}","templated":true}]}}