{"id":201,"date":"2016-12-01T15:57:12","date_gmt":"2016-12-01T14:57:12","guid":{"rendered":"http:\/\/www.lerelaispourlemploi.fr\/relais\/?page_id=201"},"modified":"2017-04-18T17:15:31","modified_gmt":"2017-04-18T15:15:31","slug":"services-aux-professionnels","status":"publish","type":"page","link":"https:\/\/www.lerelaispourlemploi.fr\/relais\/services\/services-aux-professionnels\/","title":{"rendered":"Services aux professionnels"},"content":{"rendered":"<h1>Mise \u00e0 disposition de personnel pour les entreprises et les collectivit\u00e9s en Ille-et-Vilaine (35)<\/h1>\n<p>Cong\u00e9s, arr\u00eat maladie, absences, formations&#8230; Vous \u00eates r\u00e9guli\u00e8rement confront\u00e9 \u00e0 la difficult\u00e9 de remplacer au pied lev\u00e9 le personnel de votre \u00e9tablissement ?<\/p>\n<p>Surcro\u00eet d\u2019activit\u00e9, manifestation exceptionnelle\u2026 Vos \u00e9quipes sont sous pression et vous manquez de bras\u00a0?  <\/p>\n<p>Vous-m\u00eame manquez de temps pour s\u00e9lectionner les candidats et g\u00e9rer les contrats de travail ?<\/p>\n<h3>Ayez le r\u00e9flexe \u00ab\u00a0Le Relais\u00a0\u00bb !<\/h3>\n<p><strong>Sur simple appel<\/strong>, nous \u00e9tudions votre besoin et organisons la mise \u00e0 disposition de personnel adapt\u00e9e.\nPour des <strong>interventions ponctuelles et urgentes<\/strong>, ou au contraire, <strong>r\u00e9currentes<\/strong>. \nQuel que soit votre domaine d\u2019activit\u00e9, nous avons les comp\u00e9tences\u00a0!<\/p>\n<p><img loading=\"lazy\" src=\"http:\/\/www.lerelaispourlemploi.fr\/wp-content\/images\/services-entreprises.png\" alt=\"services-entreprises\" width=\"1140\" height=\"300\" class=\"alignnone size-full wp-image-410\" srcset=\"https:\/\/www.lerelaispourlemploi.fr\/wp-content\/images\/services-entreprises.png 1140w, https:\/\/www.lerelaispourlemploi.fr\/wp-content\/images\/services-entreprises-360x95.png 360w, https:\/\/www.lerelaispourlemploi.fr\/wp-content\/images\/services-entreprises-550x145.png 550w, https:\/\/www.lerelaispourlemploi.fr\/wp-content\/images\/services-entreprises-768x202.png 768w, https:\/\/www.lerelaispourlemploi.fr\/wp-content\/images\/services-entreprises-750x197.png 750w\" sizes=\"(max-width: 1140px) 100vw, 1140px\" \/><\/p>\n<p><div class=\"row\">\n<div class=\"col-6 \"><\/p>\n<ul>\n<li>Agent d\u2019entretien des locaux<\/li>\n<li>Aide de cuisine<\/li>\n<li>Agent d\u2019entretien des espaces verts<\/li>\n<li>Agent de voirie<\/li>\n<li>Distributeur d\u2019affiches ou de tracts<\/li>\n<li>Agent administratif<\/li>\n<li>Encadrement des Temps d\u2019Activit\u00e9 P\u00e9riscolaire<\/li>\n<\/ul>\n<p><\/div>\n<div class=\"col-6 \"><\/p>\n<ul>\n<li>Ouvrier agricole<\/li>\n<li>Agent de production<\/li>\n<li>Employ\u00e9 de Libre Service<\/li>\n<li>Manutentionnaire<\/li>\n<li>Agent d\u2019accueil<\/li>\n<li>Man\u0153uvre<\/li>\n<li>etc&#8230;<\/li>\n<\/ul>\n<p><\/div>\n<\/div><\/p>\n<p><a class=\"button\" href=\"..\/..\/contact\/\">Contactez-nous pour obtenir un devis<\/a><\/p>\n<p><a class=\"relais\" href=\"http:\/\/www.lerelaispourlemploi.fr\/relais\/services\/deroulement\/\"><em>Pour en savoir plus sur le d\u00e9roulement d\u2019une mise \u00e0 disposition de personnel, c&rsquo;est ICI !<\/em><\/a><\/p>\n","protected":false},"excerpt":{"rendered":"Mise \u00e0 disposition de personnel pour les entreprises et les collectivit\u00e9s en Ille-et-Vilaine (35) Cong\u00e9s, arr\u00eat maladie, absences, formations&#8230; Vous \u00eates r\u00e9guli\u00e8rement confront\u00e9 \u00e0 la difficult\u00e9 de remplacer au pied lev\u00e9 le personnel de votre [&hellip;]","protected":false},"author":1,"featured_media":0,"parent":229,"menu_order":5,"comment_status":"closed","ping_status":"closed","template":"","meta":[],"_links":{"self":[{"href":"https:\/\/www.lerelaispourlemploi.fr\/relais\/wp-json\/wp\/v2\/pages\/201"}],"collection":[{"href":"https:\/\/www.lerelaispourlemploi.fr\/relais\/wp-json\/wp\/v2\/pages"}],"about":[{"href":"https:\/\/www.lerelaispourlemploi.fr\/relais\/wp-json\/wp\/v2\/types\/page"}],"author":[{"embeddable":true,"href":"https:\/\/www.lerelaispourlemploi.fr\/relais\/wp-json\/wp\/v2\/users\/1"}],"replies":[{"embeddable":true,"href":"https:\/\/www.lerelaispourlemploi.fr\/relais\/wp-json\/wp\/v2\/comments?post=201"}],"version-history":[{"count":16,"href":"https:\/\/www.lerelaispourlemploi.fr\/relais\/wp-json\/wp\/v2\/pages\/201\/revisions"}],"predecessor-version":[{"id":479,"href":"https:\/\/www.lerelaispourlemploi.fr\/relais\/wp-json\/wp\/v2\/pages\/201\/revisions\/479"}],"up":[{"embeddable":true,"href":"https:\/\/www.lerelaispourlemploi.fr\/relais\/wp-json\/wp\/v2\/pages\/229"}],"wp:attachment":[{"href":"https:\/\/www.lerelaispourlemploi.fr\/relais\/wp-json\/wp\/v2\/media?parent=201"}],"curies":[{"name":"wp","href":"https:\/\/api.w.org\/{rel}","templated":true}]}}