{"id":6,"date":"2016-11-03T12:13:34","date_gmt":"2016-11-03T11:13:34","guid":{"rendered":"http:\/\/www.lerelaispourlemploi.fr\/relais\/?page_id=6"},"modified":"2017-04-11T16:51:58","modified_gmt":"2017-04-11T14:51:58","slug":"presentation","status":"publish","type":"page","link":"https:\/\/www.lerelaispourlemploi.fr\/relais\/qui-sommes-nous\/presentation\/","title":{"rendered":"Pr\u00e9sentation"},"content":{"rendered":"<h1>Mise \u00e0 disposition de personnel au Pays de Vitr\u00e9 (35)<\/h1>\n<p>L\u2019Association Interm\u00e9diaire \u00ab\u00a0Le Relais\u00a0\u00bb est une <strong>Structure d\u2019Insertion par l\u2019Activit\u00e9 Economique<\/strong>.<\/p>\n<p>Cr\u00e9\u00e9e en 1987 sur Retiers, o\u00f9 se trouve son si\u00e8ge social, et poss\u00e9dant une antenne sur Vitr\u00e9, elle est conventionn\u00e9e pour intervenir sur tout le Pays de Vitr\u00e9 ainsi que les communes de Pir\u00e9-sur-Seiche et Oss\u00e9 soit 64 communes (agr\u00e9ment pr\u00e9fectoral\u00a0: 1\/BRE\/618). <\/p>\n<p>Outil de lutte contre l\u2019exclusion, l\u2019Association Interm\u00e9diaire embauche des personnes sans emploi pour les mettre \u00e0 disposition de clients (particuliers, entreprises, collectivit\u00e9s, associations, etc.) \u00e0 titre on\u00e9reux. Parall\u00e8lement, elle assure aupr\u00e8s de ces personnes un accompagnement social et professionnel afin de favoriser le renforcement de leurs comp\u00e9tences et leur acc\u00e8s \u00e0 un emploi durable.<\/p>\n","protected":false},"excerpt":{"rendered":"Mise \u00e0 disposition de personnel au Pays de Vitr\u00e9 (35) L\u2019Association Interm\u00e9diaire \u00ab\u00a0Le Relais\u00a0\u00bb est une Structure d\u2019Insertion par l\u2019Activit\u00e9 Economique. Cr\u00e9\u00e9e en 1987 sur Retiers, o\u00f9 se trouve son si\u00e8ge social, et poss\u00e9dant une [&hellip;]","protected":false},"author":1,"featured_media":0,"parent":155,"menu_order":1,"comment_status":"closed","ping_status":"closed","template":"","meta":[],"_links":{"self":[{"href":"https:\/\/www.lerelaispourlemploi.fr\/relais\/wp-json\/wp\/v2\/pages\/6"}],"collection":[{"href":"https:\/\/www.lerelaispourlemploi.fr\/relais\/wp-json\/wp\/v2\/pages"}],"about":[{"href":"https:\/\/www.lerelaispourlemploi.fr\/relais\/wp-json\/wp\/v2\/types\/page"}],"author":[{"embeddable":true,"href":"https:\/\/www.lerelaispourlemploi.fr\/relais\/wp-json\/wp\/v2\/users\/1"}],"replies":[{"embeddable":true,"href":"https:\/\/www.lerelaispourlemploi.fr\/relais\/wp-json\/wp\/v2\/comments?post=6"}],"version-history":[{"count":3,"href":"https:\/\/www.lerelaispourlemploi.fr\/relais\/wp-json\/wp\/v2\/pages\/6\/revisions"}],"predecessor-version":[{"id":434,"href":"https:\/\/www.lerelaispourlemploi.fr\/relais\/wp-json\/wp\/v2\/pages\/6\/revisions\/434"}],"up":[{"embeddable":true,"href":"https:\/\/www.lerelaispourlemploi.fr\/relais\/wp-json\/wp\/v2\/pages\/155"}],"wp:attachment":[{"href":"https:\/\/www.lerelaispourlemploi.fr\/relais\/wp-json\/wp\/v2\/media?parent=6"}],"curies":[{"name":"wp","href":"https:\/\/api.w.org\/{rel}","templated":true}]}}