{"id":8,"date":"2016-11-03T12:13:44","date_gmt":"2016-11-03T11:13:44","guid":{"rendered":"http:\/\/www.lerelaispourlemploi.fr\/relais\/?page_id=8"},"modified":"2017-08-22T15:09:48","modified_gmt":"2017-08-22T13:09:48","slug":"demandeur-demploi","status":"publish","type":"page","link":"https:\/\/www.lerelaispourlemploi.fr\/relais\/demandeur-demploi\/","title":{"rendered":"Demandeur d&#8217;emploi"},"content":{"rendered":"<h1>Vous recherchez un emploi sur le Pays de Vitr\u00e9 ? Pensez Le Relais !<\/h1>\n<p>L\u2019Association Interm\u00e9diaire \u00ab Le Relais \u00bb est une structure de proximit\u00e9 qui peut :<\/p>\n<ul>\n<li>Vous accueillir et vous informer,<\/li>\n<li>Vous orienter, apr\u00e8s avoir fait le point sur votre situation professionnelle et personnelle :\n<ol>\n<li>Vers des partenaires qui vous aideront \u00e0 construire votre projet professionnel<\/li>\n<li>Vers des centres de formation<\/li>\n<li>Vers des organismes sociaux<\/li>\n<\/ol>\n<li>Vous accompagner dans un parcours de retour vers l\u2019emploi durable : \u00e9laboration de CV, lettres de motivation, pr\u00e9paration \u00e0 l\u2019entretien d\u2019embauche, etc.<\/li>\n<li>Vous proposer des missions de travail.<\/li>\n<\/li>\n<\/ul>\n<\/li>\n<p><div class=\"notebox\">Demandeur d\u2019emploi de longue dur\u00e9e, allocataire des minima sociaux, travailleur\/-se handicap\u00e9\/-e, jeune sans qualification et\/ou sans exp\u00e9rience, travailleur\/-se \u00e2g\u00e9\/-e de plus de 50 ans, parent isol\u00e9\u00a0? Quelle que soit votre situation, contactez-nous et nous \u00e9tudierons ensemble les possibilit\u00e9s d\u2019accompagnement ou d\u2019orientation vers un partenaire qui vous aidera \u00e0 atteindre vos objectifs.<\/div><\/p>\n<p><a class=\"button\" href=\"..\/contact\/\">Contactez-nous pour vous accompagner<\/a><\/p>\n<h3>Un accompagnement personnalis\u00e9<\/h3>\n<p>L\u2019accompagnement mis en \u0153uvre a pour objectif :<\/p>\n<ul>\n<li>De stabiliser votre situation financi\u00e8re et mat\u00e9rielle<\/li>\n<li>De valider et mettre en \u0153uvre les comp\u00e9tences acquises, d\u2019envisager un transfert de comp\u00e9tences vers d\u2019autres m\u00e9tiers ou de monter en comp\u00e9tences par l\u2019exp\u00e9rience et\/ou la formation<\/li>\n<li>De construire un projet professionnel r\u00e9aliste et qui vous corresponde<\/li>\n<li>De retrouver le chemin de l\u2019emploi durable<\/li>\n<\/ul>\n<h3>Trouver un emploi, c\u2019est possible !<\/h3>\n<p>L\u2019Association Interm\u00e9diaire \u00ab Le Relais \u00bb peut vous proposer des missions de travail dans :<\/p>\n<ul>\n<li>Diff\u00e9rents secteurs d\u2019activit\u00e9 : production, agriculture, aide \u00e0 la personne, entretien des locaux ou des espaces verts, administration, commerce, b\u00e2timent, etc.<\/li>\n<li>Aupr\u00e8s de diff\u00e9rents types de clients : en entreprise, en collectivit\u00e9 locale, aupr\u00e8s d\u2019associations, de particuliers, commer\u00e7ants, artisans, agriculteurs&#8230;<\/li>\n<\/ul>\n","protected":false},"excerpt":{"rendered":"Vous recherchez un emploi sur le Pays de Vitr\u00e9 ? Pensez Le Relais ! L\u2019Association Interm\u00e9diaire \u00ab Le Relais \u00bb est une structure de proximit\u00e9 qui peut : Vous accueillir et vous informer, Vous orienter, [&hellip;]","protected":false},"author":1,"featured_media":0,"parent":0,"menu_order":3,"comment_status":"closed","ping_status":"closed","template":"","meta":[],"_links":{"self":[{"href":"https:\/\/www.lerelaispourlemploi.fr\/relais\/wp-json\/wp\/v2\/pages\/8"}],"collection":[{"href":"https:\/\/www.lerelaispourlemploi.fr\/relais\/wp-json\/wp\/v2\/pages"}],"about":[{"href":"https:\/\/www.lerelaispourlemploi.fr\/relais\/wp-json\/wp\/v2\/types\/page"}],"author":[{"embeddable":true,"href":"https:\/\/www.lerelaispourlemploi.fr\/relais\/wp-json\/wp\/v2\/users\/1"}],"replies":[{"embeddable":true,"href":"https:\/\/www.lerelaispourlemploi.fr\/relais\/wp-json\/wp\/v2\/comments?post=8"}],"version-history":[{"count":24,"href":"https:\/\/www.lerelaispourlemploi.fr\/relais\/wp-json\/wp\/v2\/pages\/8\/revisions"}],"predecessor-version":[{"id":550,"href":"https:\/\/www.lerelaispourlemploi.fr\/relais\/wp-json\/wp\/v2\/pages\/8\/revisions\/550"}],"wp:attachment":[{"href":"https:\/\/www.lerelaispourlemploi.fr\/relais\/wp-json\/wp\/v2\/media?parent=8"}],"curies":[{"name":"wp","href":"https:\/\/api.w.org\/{rel}","templated":true}]}}